{"id":3969,"date":"2021-04-06T15:29:36","date_gmt":"2021-04-06T13:29:36","guid":{"rendered":"https:\/\/www.fondazionemariabonino.it\/maria-bonino\/"},"modified":"2021-04-06T17:13:57","modified_gmt":"2021-04-06T15:13:57","slug":"maria-bonino","status":"publish","type":"page","link":"https:\/\/www.fondazionemariabonino.it\/fr\/maria-bonino\/","title":{"rendered":"Maria Bonino"},"content":{"rendered":"<p><div class=\"fusion-fullwidth fullwidth-box fusion-builder-row-1 hundred-percent-fullwidth non-hundred-percent-height-scrolling fusion-equal-height-columns\" style=\"background-color: rgba(255,255,255,0);background-position: left top;background-repeat: no-repeat;padding-top:0px;padding-right:0px;padding-bottom:0px;padding-left:0px;margin-bottom: 0px;margin-top: 0px;border-width: 0px 0px 0px 0px;border-color:#eae9e9;border-style:solid;\" ><div class=\"fusion-builder-row fusion-row\"><div class=\"fusion-layout-column fusion_builder_column fusion-builder-column-0 fusion_builder_column_1_2 1_2 fusion-one-half fusion-column-first\" style=\"width:50%;width:calc(50% - ( ( NO ) * 0.5 ) );margin-right: ;margin-top:0px;margin-bottom:0px;\"><div class=\"fusion-column-wrapper fusion-flex-column-wrapper-legacy\" style=\"background-position:left top;background-repeat:no-repeat;-webkit-background-size:cover;-moz-background-size:cover;-o-background-size:cover;background-size:cover;padding: 100px 10% 100px 10%;\"><div class=\"fusion-column-content-centered\"><div class=\"fusion-column-content\"><div class=\"fusion-sep-clear\"><\/div><div class=\"fusion-separator fusion-full-width-sep fusion-hide-on-mobile\" style=\"margin-left: auto;margin-right: auto;margin-top:50px;width:100%;\"><\/div><div class=\"fusion-sep-clear\"><\/div><div class=\"fusion-text fusion-text-1\"><h2><strong>UNE VIE POUR LES AUTRES<\/strong><\/h2>\n<\/div><div class=\"fusion-sep-clear\"><\/div><div class=\"fusion-separator fusion-clearfix\" style=\"float:left;margin-top:0px;margin-bottom:40px;width:100%;max-width:200px;\"><div class=\"fusion-separator-border sep-single sep-solid\" style=\"border-color:#fec96b;border-top-width:3px;\"><\/div><\/div><div class=\"fusion-sep-clear\"><\/div><div class=\"fusion-text fusion-text-2\"><p>Maria \u00e9tait p\u00e9diatre et son tournant professionnel, ou plut\u00f4t sa vocation, s&rsquo;est produit juste apr\u00e8s l&rsquo;obtention de son dipl\u00f4me lorsque, avec un groupe de scouts, elle a pass\u00e9 quelque temps dans des missions au Kenya. Depuis lors, elle a toujours travaill\u00e9 en alternance entre l&rsquo;Italie et certains pays africains (Kenya, Tanzanie, Burkina Faso, Ouganda, Angola).<\/p>\n<p>De son premier s\u00e9jour en Tanzanie, elle a \u00e9crit:<\/p>\n<p><em>\u201cJe suis vraiment heureux, au-del\u00e0 de toute rh\u00e9torique. Ici, j&rsquo;ai pu exp\u00e9rimenter le sens et le go\u00fbt de mon travail. L&rsquo;id\u00e9e de retourner en Italie ne me fait pas du tout sourire. Ce que j&rsquo;aimerais pour moi, c&rsquo;est rester ici. J&rsquo;aime ce genre de vie et de travail et, malgr\u00e9 les in\u00e9vitables difficult\u00e9s, je sens qu&rsquo;ici mes journ\u00e9es ont un sens\u201d.<\/em><\/p>\n<\/div><div class=\"fusion-sep-clear\"><\/div><div class=\"fusion-separator fusion-full-width-sep fusion-hide-on-mobile\" style=\"margin-left: auto;margin-right: auto;margin-top:50px;width:100%;\"><\/div><div class=\"fusion-sep-clear\"><\/div><\/div><\/div><div class=\"fusion-clearfix\"><\/div><\/div><\/div><div class=\"fusion-layout-column fusion_builder_column fusion-builder-column-1 fusion_builder_column_1_2 1_2 fusion-one-half fusion-column-last\" style=\"width:50%;width:calc(50% - ( ( NO ) * 0.5 ) );margin-top:0px;margin-bottom:0px;\"><div class=\"fusion-column-wrapper fusion-flex-column-wrapper-legacy fusion-empty-dims-bg-image\" style=\"background-image: url(&#039;http:\/\/www.fondazionemariabonino.it\/wp-content\/uploads\/2019\/06\/maria-bonino-02.jpg&#039;);background-position:right center;background-repeat:no-repeat;-webkit-background-size:cover;-moz-background-size:cover;-o-background-size:cover;background-size:cover;padding: 20px 0px 100px 0px;\" data-bg-url=\"http:\/\/www.fondazionemariabonino.it\/wp-content\/uploads\/2019\/06\/maria-bonino-02.jpg\"><div class=\"fusion-column-content-centered\"><div class=\"fusion-column-content\"><div class=\"fusion-sep-clear\"><\/div><div class=\"fusion-separator fusion-full-width-sep\" style=\"margin-left: auto;margin-right: auto;margin-top:350px;width:100%;\"><\/div><div class=\"fusion-sep-clear\"><\/div><\/div><\/div><div class=\"fusion-clearfix\"><\/div><\/div><\/div><\/div><\/div><div class=\"fusion-fullwidth fullwidth-box fusion-builder-row-2 hundred-percent-fullwidth non-hundred-percent-height-scrolling fusion-equal-height-columns\" style=\"background-color: rgba(255,255,255,0);background-position: left top;background-repeat: no-repeat;padding-top:0px;padding-right:0px;padding-bottom:0px;padding-left:0px;margin-bottom: 0px;margin-top: 0px;border-width: 0px 0px 0px 0px;border-color:#eae9e9;border-style:solid;\" ><div class=\"fusion-builder-row fusion-row\"><div class=\"fusion-layout-column fusion_builder_column fusion-builder-column-2 fusion_builder_column_1_2 1_2 fusion-one-half fusion-column-first\" style=\"margin-top:0px;margin-bottom:0px;\"><div class=\"fusion-column-wrapper fusion-flex-column-wrapper-legacy fusion-empty-dims-bg-image\" style=\"background-image: url(&#039;http:\/\/www.fondazionemariabonino.it\/wp-content\/uploads\/2019\/06\/maria-bonino-03.jpg&#039;);background-position:left top;background-repeat:no-repeat;-webkit-background-size:cover;-moz-background-size:cover;-o-background-size:cover;background-size:cover;padding: 20px 0px 100px 0px;\" data-bg-url=\"http:\/\/www.fondazionemariabonino.it\/wp-content\/uploads\/2019\/06\/maria-bonino-03.jpg\"><div class=\"fusion-column-content-centered\"><div class=\"fusion-column-content\"><div class=\"fusion-sep-clear\"><\/div><div class=\"fusion-separator fusion-full-width-sep\" style=\"margin-left: auto;margin-right: auto;margin-top:350px;width:100%;\"><\/div><div class=\"fusion-sep-clear\"><\/div><\/div><\/div><div class=\"fusion-clearfix\"><\/div><\/div><\/div><div class=\"fusion-layout-column fusion_builder_column fusion-builder-column-3 fusion_builder_column_1_2 1_2 fusion-one-half fusion-column-last\" style=\"width:48%;margin-top:0px;margin-bottom:0px;\"><div class=\"fusion-column-wrapper fusion-flex-column-wrapper-legacy\" style=\"background-position:left top;background-repeat:no-repeat;-webkit-background-size:cover;-moz-background-size:cover;-o-background-size:cover;background-size:cover;padding: 100px 10% 100px 10%;\"><div class=\"fusion-column-content-centered\"><div class=\"fusion-column-content\"><div class=\"fusion-sep-clear\"><\/div><div class=\"fusion-separator fusion-full-width-sep fusion-hide-on-mobile\" style=\"margin-left: auto;margin-right: auto;margin-top:50px;width:100%;\"><\/div><div class=\"fusion-sep-clear\"><\/div><div class=\"fusion-text fusion-text-3\"><h2><strong>PASSION ET G\u00c9N\u00c9ROSIT\u00c9<\/strong><\/h2>\n<\/div><div class=\"fusion-sep-clear\"><\/div><div class=\"fusion-separator fusion-clearfix\" style=\"float:left;margin-top:0px;margin-bottom:40px;width:100%;max-width:200px;\"><div class=\"fusion-separator-border sep-single sep-solid\" style=\"border-color:#fec96b;border-top-width:3px;\"><\/div><\/div><div class=\"fusion-sep-clear\"><\/div><div class=\"fusion-text fusion-text-4\"><p>Maria aimait beaucoup son travail, mais elle aimait aussi les choses de la vie: elle les aimait et les vivait avec une libert\u00e9 que sa famille et ses amis l\u2019ont toujours envi\u00e9e. Quand elle le pouvait, elle voyageait, allait \u00e0 la montagne, faisait du ski et dans le coffre qu&rsquo;elle transportait en Afrique, il y avait toujours de la place pour des collections de musique et des livres de toutes sortes.<\/p>\n<p>Ceux qui ont travaill\u00e9 \u00e0 ses c\u00f4t\u00e9s racontent qu&rsquo;elle travaillait pendant des heures et des heures avec une approche toujours calme et g\u00e9n\u00e9reuse avec tout le monde, pr\u00eate \u00e0 donner de sa personne avec une grande d\u00e9termination. Tout le monde se souvient de la fa\u00e7on dont elle s&rsquo;est distingu\u00e9e dans son travail et des nombreuses nuits blanches qu&rsquo;elle a pass\u00e9es \u00e0 veiller sur des enfants qui n&rsquo;\u00e9taient pas les siens. Nous connaissons ses r\u00e9bellions devant la souffrance des enfants, leurs g\u00e9missements agonisants, la douleur de leurs m\u00e8res et de leurs p\u00e8res.<\/p>\n<p>Et nous savons comment, face \u00e0 toutes ces souffrances, il n&rsquo;a jamais cess\u00e9 de se battre, mais a refus\u00e9 l&rsquo;id\u00e9e d&rsquo;\u00eatre un \u00ab\u00a0Don Quichotte\u00a0\u00bb h\u00e9ro\u00efque.<\/p>\n<\/div><div class=\"fusion-sep-clear\"><\/div><div class=\"fusion-separator fusion-full-width-sep fusion-hide-on-mobile\" style=\"margin-left: auto;margin-right: auto;margin-top:50px;width:100%;\"><\/div><div class=\"fusion-sep-clear\"><\/div><\/div><\/div><div class=\"fusion-clearfix\"><\/div><\/div><\/div><\/div><\/div><div class=\"fusion-fullwidth fullwidth-box fusion-builder-row-3 hundred-percent-fullwidth non-hundred-percent-height-scrolling fusion-equal-height-columns\" style=\"background-color: rgba(255,255,255,0);background-position: left top;background-repeat: no-repeat;padding-top:0px;padding-right:0px;padding-bottom:0px;padding-left:0px;margin-bottom: 0px;margin-top: 0px;border-width: 0px 0px 0px 0px;border-color:#eae9e9;border-style:solid;\" ><div class=\"fusion-builder-row fusion-row\"><div class=\"fusion-layout-column fusion_builder_column fusion-builder-column-4 fusion_builder_column_1_2 1_2 fusion-one-half fusion-column-first\" style=\"width:50%;width:calc(50% - ( ( NO ) * 0.5 ) );margin-right: ;margin-top:0px;margin-bottom:0px;\"><div class=\"fusion-column-wrapper fusion-flex-column-wrapper-legacy\" style=\"background-position:left top;background-repeat:no-repeat;-webkit-background-size:cover;-moz-background-size:cover;-o-background-size:cover;background-size:cover;padding: 100px 10% 100px 10%;\"><div class=\"fusion-column-content-centered\"><div class=\"fusion-column-content\"><div class=\"fusion-sep-clear\"><\/div><div class=\"fusion-separator fusion-full-width-sep fusion-hide-on-mobile\" style=\"margin-left: auto;margin-right: auto;margin-top:50px;width:100%;\"><\/div><div class=\"fusion-sep-clear\"><\/div><div class=\"fusion-text fusion-text-5\"><h2><strong>LE R\u00c9CONFORT DE LA FOI<\/strong><\/h2>\n<\/div><div class=\"fusion-sep-clear\"><\/div><div class=\"fusion-separator fusion-clearfix\" style=\"float:left;margin-top:0px;margin-bottom:40px;width:100%;max-width:200px;\"><div class=\"fusion-separator-border sep-single sep-solid\" style=\"border-color:#fec96b;border-top-width:3px;\"><\/div><\/div><div class=\"fusion-sep-clear\"><\/div><div class=\"fusion-text fusion-text-6\"><p>Partie la premi\u00e8re fois pour travailler en Tanzanie, Maria nous avait laiss\u00e9 une note dont le recto portait les mots \u00ab\u00a0<em>Je crains que le jour ne se termine avant que je ne le sache, et que l&rsquo;heure de l&rsquo;offrande ne passe<\/em>\u00ab\u00a0.<\/p>\n<p>Maria a \u00e9t\u00e9 \u00e0 la hauteur de son id\u00e9al jusqu&rsquo;au 24 mars 2005, lorsque l&rsquo;infection par le virus de Marburg, dont elle avait, sans le savoir, averti les autorit\u00e9s sanitaires depuis un certain temps, l&rsquo;a \u00e9cras\u00e9e avec des centaines de ses enfants.<\/p>\n<p>Nous restons avec une infinie tristesse, mais aussi avec le grand r\u00e9confort de la foi que Maria a v\u00e9cue de mani\u00e8re discr\u00e8te et silencieuse et dont, comme dans son style, elle nous a laiss\u00e9 le t\u00e9moignage en quelques lignes \u00e9crites la semaine avant sa mort:<\/p>\n<\/div><div class=\"fusion-sep-clear\"><\/div><div class=\"fusion-separator fusion-full-width-sep fusion-hide-on-mobile\" style=\"margin-left: auto;margin-right: auto;margin-top:50px;width:100%;\"><\/div><div class=\"fusion-sep-clear\"><\/div><\/div><\/div><div class=\"fusion-clearfix\"><\/div><\/div><\/div><div class=\"fusion-layout-column fusion_builder_column fusion-builder-column-5 fusion_builder_column_1_2 1_2 fusion-one-half fusion-column-last\" style=\"width:50%;width:calc(50% - ( ( NO ) * 0.5 ) );margin-top:0px;margin-bottom:0px;\"><div class=\"fusion-column-wrapper fusion-flex-column-wrapper-legacy fusion-empty-dims-bg-image\" style=\"background-image: url(&#039;http:\/\/www.fondazionemariabonino.it\/wp-content\/uploads\/2019\/06\/maria-bonino-01.jpg&#039;);background-position:left top;background-repeat:no-repeat;-webkit-background-size:cover;-moz-background-size:cover;-o-background-size:cover;background-size:cover;padding: 20px 0px 100px 0px;\" data-bg-url=\"http:\/\/www.fondazionemariabonino.it\/wp-content\/uploads\/2019\/06\/maria-bonino-01.jpg\"><div class=\"fusion-column-content-centered\"><div class=\"fusion-column-content\"><div class=\"fusion-sep-clear\"><\/div><div class=\"fusion-separator fusion-full-width-sep\" style=\"margin-left: auto;margin-right: auto;margin-top:350px;width:100%;\"><\/div><div class=\"fusion-sep-clear\"><\/div><\/div><\/div><div class=\"fusion-clearfix\"><\/div><\/div><\/div><\/div><\/div><div class=\"fusion-bg-parallax\" data-bg-align=\"center center\" data-direction=\"left\" data-mute=\"false\" data-opacity=\"100\" data-velocity=\"-0.6\" data-mobile-enabled=\"false\" data-break_parents=\"0\" data-bg-image=\"http:\/\/www.fondazionemariabonino.it\/wp-content\/uploads\/2019\/06\/fondazione-lettera.jpg\" data-bg-repeat=\"false\" ><\/div><div class=\"fusion-fullwidth fullwidth-box fusion-builder-row-4 fusion-parallax-left nonhundred-percent-fullwidth non-hundred-percent-height-scrolling\" style=\"background-color: rgba(255,255,255,0);background-image: url(&quot;http:\/\/www.fondazionemariabonino.it\/wp-content\/uploads\/2019\/06\/fondazione-lettera.jpg&quot;);background-position: center center;background-repeat: no-repeat;padding-top:180px;padding-right:0px;padding-bottom:40px;padding-left:0px;margin-bottom: 0px;margin-top: 0px;border-width: 0px 0px 0px 0px;border-color:#eae9e9;border-style:solid;-webkit-background-size:cover;-moz-background-size:cover;-o-background-size:cover;background-size:cover;\" ><div class=\"fusion-builder-row fusion-row\"><div class=\"fusion-layout-column fusion_builder_column fusion-builder-column-6 fusion_builder_column_1_6 1_6 fusion-one-sixth fusion-column-first fusion-no-small-visibility\" style=\"width:13.3333%; margin-right: 4%;margin-top:0px;margin-bottom:20px;\"><div class=\"fusion-column-wrapper fusion-flex-column-wrapper-legacy\" style=\"background-position:left top;background-repeat:no-repeat;-webkit-background-size:cover;-moz-background-size:cover;-o-background-size:cover;background-size:cover;padding: 0px 0px 0px 0px;\"><div class=\"fusion-sep-clear\"><\/div><div class=\"fusion-separator fusion-full-width-sep\" style=\"margin-left: auto;margin-right: auto;width:100%;\"><\/div><div class=\"fusion-sep-clear\"><\/div><div class=\"fusion-clearfix\"><\/div><\/div><\/div><div class=\"fusion-layout-column fusion_builder_column fusion-builder-column-7 fusion_builder_column_2_3 2_3 fusion-two-third\" style=\"width:65.3333%; margin-right: 4%;margin-top:0px;margin-bottom:20px;\"><div class=\"fusion-column-wrapper fusion-flex-column-wrapper-legacy\" style=\"background-position:left top;background-repeat:no-repeat;-webkit-background-size:cover;-moz-background-size:cover;-o-background-size:cover;background-size:cover;padding: 0px 0px 0px 0px;\"><div class=\"fusion-text fusion-text-7\"><h3 style=\"text-align: center;\"><span style=\"color: #ffffff;\"><em>\u201cJ&rsquo;ai de la fi\u00e8vre et je me sens tout cass\u00e9. Esp\u00e9rons que c&rsquo;est la malaria. Et si non&#8230; Je suis d\u00e9sol\u00e9 de mourir, je suis d\u00e9sol\u00e9 pour moi, pour la douleur de ma m\u00e8re, du Cri, de Paolo, de mes neveux et ni\u00e8ces et de mes beaux-fr\u00e8res, des personnes qui m&rsquo;aiment et que j&rsquo;aime.<br \/>\nJ&rsquo;ai souvent r\u00e9p\u00e9t\u00e9 au fil des ans que la vie est la r\u00e9alisation du r\u00eave de jeunesse, et pour beaucoup, il en a \u00e9t\u00e9 ainsi et j&rsquo;en remercie le Seigneur. Je ne suis certainement pas de taille \u00e0 affronter le Dr Matthew*, mais si ma mort \u00e9tait la derni\u00e8re, cela ne me d\u00e9rangerait pas tant que \u00e7a\u201d.<\/em><\/span><\/h3>\n<\/div><div class=\"fusion-sep-clear\"><\/div><div class=\"fusion-separator fusion-full-width-sep\" style=\"margin-left: auto;margin-right: auto;margin-top:20px;width:100%;\"><\/div><div class=\"fusion-sep-clear\"><\/div><div class=\"fusion-text fusion-text-8\"><h6><span style=\"color: #ffffff;\">* Le Dr Matthew, directeur de l&rsquo;h\u00f4pital Lacor en Ouganda, a sacrifi\u00e9 sa vie en 2000 pour contenir une terrible \u00e9pid\u00e9mie d&rsquo;Ebola.<\/span><\/h6>\n<\/div><div class=\"fusion-clearfix\"><\/div><\/div><\/div><div class=\"fusion-layout-column fusion_builder_column fusion-builder-column-8 fusion_builder_column_1_6 1_6 fusion-one-sixth fusion-column-last fusion-no-small-visibility\" style=\"width:13.3333%;margin-top:0px;margin-bottom:20px;\"><div class=\"fusion-column-wrapper fusion-flex-column-wrapper-legacy\" style=\"background-position:left top;background-repeat:no-repeat;-webkit-background-size:cover;-moz-background-size:cover;-o-background-size:cover;background-size:cover;padding: 0px 0px 0px 0px;\"><div class=\"fusion-sep-clear\"><\/div><div class=\"fusion-separator fusion-full-width-sep\" style=\"margin-left: auto;margin-right: auto;width:100%;\"><\/div><div class=\"fusion-sep-clear\"><\/div><div class=\"fusion-clearfix\"><\/div><\/div><\/div><\/div><\/div><div class=\"fusion-fullwidth fullwidth-box fusion-builder-row-5 nonhundred-percent-fullwidth non-hundred-percent-height-scrolling\" style=\"background-color: rgba(255,255,255,0);background-position: center center;background-repeat: no-repeat;padding-top:180px;padding-right:0px;padding-bottom:40px;padding-left:0px;margin-bottom: 0px;margin-top: 0px;border-width: 0px 0px 0px 0px;border-color:#eae9e9;border-style:solid;\" ><div class=\"fusion-builder-row fusion-row\"><div class=\"fusion-layout-column fusion_builder_column fusion-builder-column-9 fusion_builder_column_1_1 1_1 fusion-one-full fusion-column-first fusion-column-last\" style=\"margin-top:0px;margin-bottom:0px;\"><div class=\"fusion-column-wrapper fusion-flex-column-wrapper-legacy\" style=\"background-position:left top;background-repeat:no-repeat;-webkit-background-size:cover;-moz-background-size:cover;-o-background-size:cover;background-size:cover;padding: 0px 0px 0px 0px;\"><div class=\"fusion-column-content-centered\"><div class=\"fusion-column-content\"><div class=\"fusion-text fusion-text-9\"><h2><strong>BIOGRAPHIE<\/strong><\/h2>\n<\/div><div class=\"fusion-sep-clear\"><\/div><div class=\"fusion-separator fusion-clearfix\" style=\"float:left;margin-top:0px;margin-bottom:40px;width:100%;max-width:200px;\"><div class=\"fusion-separator-border sep-single sep-solid\" style=\"border-color:#fec96b;border-top-width:3px;\"><\/div><\/div><div class=\"fusion-sep-clear\"><\/div><\/div><\/div><div class=\"fusion-clearfix\"><\/div><\/div><\/div><div class=\"fusion-layout-column fusion_builder_column fusion-builder-column-10 fusion_builder_column_1_3 1_3 fusion-one-third fusion-column-first\" style=\"width:33.333333333333%;width:calc(33.333333333333% - ( ( 4% + 4% ) * 0.33333333333333 ) );margin-right: 4%;margin-top:0px;margin-bottom:20px;\"><div class=\"fusion-column-wrapper fusion-flex-column-wrapper-legacy\" style=\"background-position:left top;background-repeat:no-repeat;-webkit-background-size:cover;-moz-background-size:cover;-o-background-size:cover;background-size:cover;padding: 0px 0px 0px 0px;\"><div class=\"fusion-text fusion-text-10\"><p>Maria Bonino est n\u00e9e \u00e0 Biella le 9 d\u00e9cembre 1953. Elle a obtenu son dipl\u00f4me d&rsquo;\u00e9tudes secondaires classiques en 1972 et sa licence en m\u00e9decine et chirurgie, avec mention, \u00e0 l&rsquo;universit\u00e9 de Torino en 1978.<\/p>\n<p>\u00c0 l&rsquo;automne 1980, elle commence \u00e0 suivre les cours de formation de M\u00e9decins d&rsquo;Afrique Cuamm \u00e0 Padova et, en juillet de l&rsquo;ann\u00e9e suivante, elle part pour l&rsquo;h\u00f4pital Consolata d&rsquo;Ikonda, en Tanzanie, o\u00f9 elle est responsable du service de p\u00e9diatrie avec une unit\u00e9 de r\u00e9habilitation pour les enfants malnutris et du service territorial MCH &#8211; Mother and Child Care.<\/p>\n<p>C&rsquo;est \u00e0 cette \u00e9poque qu&rsquo;est n\u00e9e une relation pr\u00e9f\u00e9rentielle pour les enfants mal nourris.<\/p>\n<p>En f\u00e9vrier 1984, Maria a obtenu un dipl\u00f4me de m\u00e9decine tropicale avec distinction apr\u00e8s avoir suivi le cours de m\u00e9decine tropicale \u00e0 l&rsquo;Institut de m\u00e9decine tropicale Prince L\u00e9opold \u00e0 Anvers, en Belgique.<\/p>\n<\/div><div class=\"fusion-clearfix\"><\/div><\/div><\/div><div class=\"fusion-layout-column fusion_builder_column fusion-builder-column-11 fusion_builder_column_1_3 1_3 fusion-one-third\" style=\"width:33.333333333333%;width:calc(33.333333333333% - ( ( 4% + 4% ) * 0.33333333333333 ) );margin-right: 4%;margin-top:0px;margin-bottom:20px;\"><div class=\"fusion-column-wrapper fusion-flex-column-wrapper-legacy\" style=\"background-position:left top;background-repeat:no-repeat;-webkit-background-size:cover;-moz-background-size:cover;-o-background-size:cover;background-size:cover;padding: 0px 0px 0px 0px;\"><div class=\"fusion-text fusion-text-11\"><p>De f\u00e9vrier 1986 \u00e0 juillet 1988, elle a \u00e9t\u00e9 responsable du service de p\u00e9diatrie de Cuamm et de l&rsquo;unit\u00e9 des enfants malnutris au Centre Hospitalier R\u00e9gional de Tenkodogo, au Burkina Faso. \u00c0 son retour en Italie, elle a travaill\u00e9 comme p\u00e9diatre assistante \u00e0 l&rsquo;h\u00f4pital Moncalieri jusqu&rsquo;en janvier 1989, puis comme assistante et ensuite comme m\u00e9decin-chef assistante \u00e0 l&rsquo;unit\u00e9 de p\u00e9diatrie &#8211; n\u00e9onatologie de l&rsquo;h\u00f4pital r\u00e9gional du Val d&rsquo;Aoste.<\/p>\n<p>Entre 1992 et 2003, Maria a effectu\u00e9 des missions dans diff\u00e9rents pays africains dans le cadre de programmes de coop\u00e9ration internationale. Elle a \u00e9t\u00e9 responsable du service de p\u00e9diatrie de l&rsquo;h\u00f4pital r\u00e9gional d&rsquo;Iringa, en Tanzanie, coordinatrice des services territoriaux \u00e0 Arua, en Ouganda, et responsable du service de p\u00e9diatrie de l&rsquo;h\u00f4pital St. Mary Lacor \u00e0 Gulu, en Ouganda. En mars 2003, avec un projet Cuamm, elle est partie \u00e0 Uige en Angola pour travailler dans le service de p\u00e9diatrie de l&rsquo;h\u00f4pital provincial local.<\/p>\n<\/div><div class=\"fusion-clearfix\"><\/div><\/div><\/div><div class=\"fusion-layout-column fusion_builder_column fusion-builder-column-12 fusion_builder_column_1_3 1_3 fusion-one-third fusion-column-last\" style=\"width:33.333333333333%;width:calc(33.333333333333% - ( ( 4% + 4% ) * 0.33333333333333 ) );margin-top:0px;margin-bottom:20px;\"><div class=\"fusion-column-wrapper fusion-flex-column-wrapper-legacy\" style=\"background-position:left top;background-repeat:no-repeat;-webkit-background-size:cover;-moz-background-size:cover;-o-background-size:cover;background-size:cover;padding: 0px 0px 0px 0px;\"><div class=\"fusion-text fusion-text-12\"><p>Depuis octobre 2004, elle signale des d\u00e9c\u00e8s suspects dus \u00e0 la fi\u00e8vre h\u00e9morragique, mais n&rsquo;a jamais re\u00e7u de r\u00e9ponse concernant les enqu\u00eates men\u00e9es et envoy\u00e9es aux techniciens du minist\u00e8re de la Sant\u00e9 dans la capitale Luanda. En f\u00e9vrier 2005, il y a eu une r\u00e9surgence de cas de fi\u00e8vre h\u00e9morragique, tous mortels. L\u00e0 encore, Maria n&rsquo;a re\u00e7u aucun soutien des autorit\u00e9s locales jusqu&rsquo;\u00e0 la mort d&rsquo;une infirmi\u00e8re, la premi\u00e8re d&rsquo;une longue liste qui la concernera \u00e9galement.<\/p>\n<p>Le 16 mars, Maria s&rsquo;est plainte de sympt\u00f4mes pr\u00e9coces et le 20 mars, elle a \u00e9t\u00e9 transport\u00e9e par avion \u00e0 Luanda et admise en isolement dans une clinique de la capitale. Elle est d\u00e9c\u00e9d\u00e9e le 24 mars 2005 \u00e0 6 h 30 du matin.<\/p>\n<p>Le 14 d\u00e9cembre 2006, l&rsquo;Istituto Superiore di Sanit\u00e0 de Roma elle a d\u00e9cern\u00e9 la m\u00e9daille d&rsquo;or du m\u00e9rite pour la sant\u00e9 publique en souvenir de sa vie.<\/p>\n<p>Elle repose sur la terre d&rsquo;Afrique par sa volont\u00e9 expresse.<\/p>\n<\/div><div class=\"fusion-clearfix\"><\/div><\/div><\/div><\/div><\/div><div class=\"fusion-fullwidth fullwidth-box fusion-builder-row-6 fusion-parallax-none nonhundred-percent-fullwidth non-hundred-percent-height-scrolling\" style=\"background-color: rgba(255,255,255,0);background-image: url(&quot;http:\/\/www.fondazionemariabonino.it\/wp-content\/uploads\/2019\/06\/754.jpg&quot;);background-position: center center;background-repeat: no-repeat;padding-top:150px;padding-right:0px;padding-bottom:150px;padding-left:0px;margin-bottom: 0px;margin-top: 0px;border-width: 0px 0px 0px 0px;border-color:#eae9e9;border-style:solid;-webkit-background-size:cover;-moz-background-size:cover;-o-background-size:cover;background-size:cover;\" ><div class=\"fusion-builder-row fusion-row\"><div class=\"fusion-layout-column fusion_builder_column fusion-builder-column-13 fusion_builder_column_1_1 1_1 fusion-one-full fusion-column-first fusion-column-last\" style=\"margin-top:0px;margin-bottom:0px;\"><div class=\"fusion-column-wrapper fusion-flex-column-wrapper-legacy\" style=\"background-position:left top;background-repeat:no-repeat;-webkit-background-size:cover;-moz-background-size:cover;-o-background-size:cover;background-size:cover;padding: 0px 11% 0px 11%;\"><div class=\"fusion-text fusion-text-13\"><h2 style=\"text-align: center; color: #fff;\">REJOIGNEZ-NOUS<\/h2>\n<\/div><div class=\"fusion-sep-clear\"><\/div><div class=\"fusion-separator\" style=\"margin-left: auto;margin-right: auto;margin-top:0px;margin-bottom:40px;width:100%;max-width:200px;\"><div class=\"fusion-separator-border sep-single sep-solid\" style=\"border-color:#fec96b;border-top-width:3px;\"><\/div><\/div><div class=\"fusion-sep-clear\"><\/div><div class=\"fusion-text fusion-text-14\"><p style=\"text-align: center; font-size: 24px; color: #fff; font-weight: 300;\">Avec nous pour la sant\u00e9 des m\u00e8res et des enfants en Afrique au sud du Sahara. Ensemble, poursuivons le r\u00eave de Maria Bonino, travaillons pour qu&rsquo;il ne reste pas un r\u00eave : chaque contribution, m\u00eame la plus petite, sera utile pour r\u00e9aliser les projets de la Fondation Maria Bonino.<\/p>\n<\/div><div class=\"fusion-sep-clear\"><\/div><div class=\"fusion-separator fusion-full-width-sep\" style=\"margin-left: auto;margin-right: auto;margin-top:25px;width:100%;\"><\/div><div class=\"fusion-sep-clear\"><\/div><div class=\"fusion-aligncenter\"><style>.fusion-button.button-1{border-radius:0px 0px 0px 0px;}<\/style><a class=\"fusion-button button-flat fusion-button-default-size button-default button-1 fusion-button-span-no fusion-button-default-type\" target=\"_self\" href=\"https:\/\/www.fondazionemariabonino.it\/fr\/des-dons\/\"><span class=\"fusion-button-text\">SOUTENEZ LA FONDATION<\/span><\/a><\/div><div class=\"fusion-clearfix\"><\/div><\/div><\/div><\/div><\/div><\/p>\n","protected":false},"excerpt":{"rendered":"","protected":false},"author":1,"featured_media":0,"parent":0,"menu_order":0,"comment_status":"closed","ping_status":"closed","template":"100-width.php","meta":{"give_campaign_id":0,"footnotes":""},"class_list":["post-3969","page","type-page","status-publish","hentry"],"yoast_head":"<!-- This site is optimized with the Yoast SEO plugin v27.4 - https:\/\/yoast.com\/product\/yoast-seo-wordpress\/ -->\n<title>Fondazione Maria Bonino - chi \u00e8 Maria Bonino<\/title>\n<meta name=\"description\" content=\"Medico pediatra, dopo la laurea lavora in alcune missioni del Kenia. In Africa, dice, ho potuto sperimentare il senso e il gusto del mio lavoro.\" \/>\n<meta name=\"robots\" content=\"index, follow, max-snippet:-1, max-image-preview:large, max-video-preview:-1\" \/>\n<link rel=\"canonical\" href=\"https:\/\/www.fondazionemariabonino.it\/fr\/maria-bonino\/\" \/>\n<meta property=\"og:locale\" content=\"fr_FR\" \/>\n<meta property=\"og:type\" content=\"article\" \/>\n<meta property=\"og:title\" content=\"Fondazione Maria Bonino - chi \u00e8 Maria Bonino\" \/>\n<meta property=\"og:description\" content=\"Medico pediatra, dopo la laurea lavora in alcune missioni del Kenia. In Africa, dice, ho potuto sperimentare il senso e il gusto del mio lavoro.\" \/>\n<meta property=\"og:url\" content=\"https:\/\/www.fondazionemariabonino.it\/fr\/maria-bonino\/\" \/>\n<meta property=\"og:site_name\" content=\"Fondazione Maria Bonino\" \/>\n<meta property=\"article:publisher\" content=\"https:\/\/www.facebook.com\/fondazionemariabonino\/\" \/>\n<meta property=\"article:modified_time\" content=\"2021-04-06T15:13:57+00:00\" \/>\n<meta name=\"twitter:card\" content=\"summary_large_image\" \/>\n<meta name=\"twitter:site\" content=\"@fondmariabonino\" \/>\n<meta name=\"twitter:label1\" content=\"Dur\u00e9e de lecture estim\u00e9e\" \/>\n\t<meta name=\"twitter:data1\" content=\"22 minutes\" \/>\n<script type=\"application\/ld+json\" class=\"yoast-schema-graph\">{\"@context\":\"https:\\\/\\\/schema.org\",\"@graph\":[{\"@type\":\"WebPage\",\"@id\":\"https:\\\/\\\/www.fondazionemariabonino.it\\\/fr\\\/maria-bonino\\\/\",\"url\":\"https:\\\/\\\/www.fondazionemariabonino.it\\\/fr\\\/maria-bonino\\\/\",\"name\":\"Fondazione Maria Bonino - chi \u00e8 Maria Bonino\",\"isPartOf\":{\"@id\":\"https:\\\/\\\/www.fondazionemariabonino.it\\\/fr\\\/#website\"},\"datePublished\":\"2021-04-06T13:29:36+00:00\",\"dateModified\":\"2021-04-06T15:13:57+00:00\",\"description\":\"Medico pediatra, dopo la laurea lavora in alcune missioni del Kenia. In Africa, dice, ho potuto sperimentare il senso e il gusto del mio lavoro.\",\"breadcrumb\":{\"@id\":\"https:\\\/\\\/www.fondazionemariabonino.it\\\/fr\\\/maria-bonino\\\/#breadcrumb\"},\"inLanguage\":\"fr-FR\",\"potentialAction\":[{\"@type\":\"ReadAction\",\"target\":[\"https:\\\/\\\/www.fondazionemariabonino.it\\\/fr\\\/maria-bonino\\\/\"]}]},{\"@type\":\"BreadcrumbList\",\"@id\":\"https:\\\/\\\/www.fondazionemariabonino.it\\\/fr\\\/maria-bonino\\\/#breadcrumb\",\"itemListElement\":[{\"@type\":\"ListItem\",\"position\":1,\"name\":\"Home\",\"item\":\"https:\\\/\\\/www.fondazionemariabonino.it\\\/fr\\\/\"},{\"@type\":\"ListItem\",\"position\":2,\"name\":\"Maria Bonino\"}]},{\"@type\":\"WebSite\",\"@id\":\"https:\\\/\\\/www.fondazionemariabonino.it\\\/fr\\\/#website\",\"url\":\"https:\\\/\\\/www.fondazionemariabonino.it\\\/fr\\\/\",\"name\":\"Fondazione Maria Bonino\",\"description\":\"Una vita per gli ultimi\",\"publisher\":{\"@id\":\"https:\\\/\\\/www.fondazionemariabonino.it\\\/fr\\\/#organization\"},\"potentialAction\":[{\"@type\":\"SearchAction\",\"target\":{\"@type\":\"EntryPoint\",\"urlTemplate\":\"https:\\\/\\\/www.fondazionemariabonino.it\\\/fr\\\/?s={search_term_string}\"},\"query-input\":{\"@type\":\"PropertyValueSpecification\",\"valueRequired\":true,\"valueName\":\"search_term_string\"}}],\"inLanguage\":\"fr-FR\"},{\"@type\":\"Organization\",\"@id\":\"https:\\\/\\\/www.fondazionemariabonino.it\\\/fr\\\/#organization\",\"name\":\"Fondazione Maria Bonino\",\"url\":\"https:\\\/\\\/www.fondazionemariabonino.it\\\/fr\\\/\",\"logo\":{\"@type\":\"ImageObject\",\"inLanguage\":\"fr-FR\",\"@id\":\"https:\\\/\\\/www.fondazionemariabonino.it\\\/fr\\\/#\\\/schema\\\/logo\\\/image\\\/\",\"url\":\"https:\\\/\\\/www.fondazionemariabonino.it\\\/wp-content\\\/uploads\\\/2019\\\/12\\\/FMB-logo-2x.png\",\"contentUrl\":\"https:\\\/\\\/www.fondazionemariabonino.it\\\/wp-content\\\/uploads\\\/2019\\\/12\\\/FMB-logo-2x.png\",\"width\":340,\"height\":240,\"caption\":\"Fondazione Maria Bonino\"},\"image\":{\"@id\":\"https:\\\/\\\/www.fondazionemariabonino.it\\\/fr\\\/#\\\/schema\\\/logo\\\/image\\\/\"},\"sameAs\":[\"https:\\\/\\\/www.facebook.com\\\/fondazionemariabonino\\\/\",\"https:\\\/\\\/x.com\\\/fondmariabonino\",\"https:\\\/\\\/www.instagram.com\\\/fondazionemariabonino\\\/\",\"https:\\\/\\\/www.youtube.com\\\/channel\\\/UCzM8eHO_CuFKv0AfBUFvIrQ\",\"https:\\\/\\\/it.wikipedia.org\\\/wiki\\\/Maria_Bonino\"]}]}<\/script>\n<!-- \/ Yoast SEO plugin. -->","yoast_head_json":{"title":"Fondazione Maria Bonino - chi \u00e8 Maria Bonino","description":"Medico pediatra, dopo la laurea lavora in alcune missioni del Kenia. In Africa, dice, ho potuto sperimentare il senso e il gusto del mio lavoro.","robots":{"index":"index","follow":"follow","max-snippet":"max-snippet:-1","max-image-preview":"max-image-preview:large","max-video-preview":"max-video-preview:-1"},"canonical":"https:\/\/www.fondazionemariabonino.it\/fr\/maria-bonino\/","og_locale":"fr_FR","og_type":"article","og_title":"Fondazione Maria Bonino - chi \u00e8 Maria Bonino","og_description":"Medico pediatra, dopo la laurea lavora in alcune missioni del Kenia. In Africa, dice, ho potuto sperimentare il senso e il gusto del mio lavoro.","og_url":"https:\/\/www.fondazionemariabonino.it\/fr\/maria-bonino\/","og_site_name":"Fondazione Maria Bonino","article_publisher":"https:\/\/www.facebook.com\/fondazionemariabonino\/","article_modified_time":"2021-04-06T15:13:57+00:00","twitter_card":"summary_large_image","twitter_site":"@fondmariabonino","twitter_misc":{"Dur\u00e9e de lecture estim\u00e9e":"22 minutes"},"schema":{"@context":"https:\/\/schema.org","@graph":[{"@type":"WebPage","@id":"https:\/\/www.fondazionemariabonino.it\/fr\/maria-bonino\/","url":"https:\/\/www.fondazionemariabonino.it\/fr\/maria-bonino\/","name":"Fondazione Maria Bonino - chi \u00e8 Maria Bonino","isPartOf":{"@id":"https:\/\/www.fondazionemariabonino.it\/fr\/#website"},"datePublished":"2021-04-06T13:29:36+00:00","dateModified":"2021-04-06T15:13:57+00:00","description":"Medico pediatra, dopo la laurea lavora in alcune missioni del Kenia. In Africa, dice, ho potuto sperimentare il senso e il gusto del mio lavoro.","breadcrumb":{"@id":"https:\/\/www.fondazionemariabonino.it\/fr\/maria-bonino\/#breadcrumb"},"inLanguage":"fr-FR","potentialAction":[{"@type":"ReadAction","target":["https:\/\/www.fondazionemariabonino.it\/fr\/maria-bonino\/"]}]},{"@type":"BreadcrumbList","@id":"https:\/\/www.fondazionemariabonino.it\/fr\/maria-bonino\/#breadcrumb","itemListElement":[{"@type":"ListItem","position":1,"name":"Home","item":"https:\/\/www.fondazionemariabonino.it\/fr\/"},{"@type":"ListItem","position":2,"name":"Maria Bonino"}]},{"@type":"WebSite","@id":"https:\/\/www.fondazionemariabonino.it\/fr\/#website","url":"https:\/\/www.fondazionemariabonino.it\/fr\/","name":"Fondazione Maria Bonino","description":"Una vita per gli ultimi","publisher":{"@id":"https:\/\/www.fondazionemariabonino.it\/fr\/#organization"},"potentialAction":[{"@type":"SearchAction","target":{"@type":"EntryPoint","urlTemplate":"https:\/\/www.fondazionemariabonino.it\/fr\/?s={search_term_string}"},"query-input":{"@type":"PropertyValueSpecification","valueRequired":true,"valueName":"search_term_string"}}],"inLanguage":"fr-FR"},{"@type":"Organization","@id":"https:\/\/www.fondazionemariabonino.it\/fr\/#organization","name":"Fondazione Maria Bonino","url":"https:\/\/www.fondazionemariabonino.it\/fr\/","logo":{"@type":"ImageObject","inLanguage":"fr-FR","@id":"https:\/\/www.fondazionemariabonino.it\/fr\/#\/schema\/logo\/image\/","url":"https:\/\/www.fondazionemariabonino.it\/wp-content\/uploads\/2019\/12\/FMB-logo-2x.png","contentUrl":"https:\/\/www.fondazionemariabonino.it\/wp-content\/uploads\/2019\/12\/FMB-logo-2x.png","width":340,"height":240,"caption":"Fondazione Maria Bonino"},"image":{"@id":"https:\/\/www.fondazionemariabonino.it\/fr\/#\/schema\/logo\/image\/"},"sameAs":["https:\/\/www.facebook.com\/fondazionemariabonino\/","https:\/\/x.com\/fondmariabonino","https:\/\/www.instagram.com\/fondazionemariabonino\/","https:\/\/www.youtube.com\/channel\/UCzM8eHO_CuFKv0AfBUFvIrQ","https:\/\/it.wikipedia.org\/wiki\/Maria_Bonino"]}]}},"campaignId":"","_links":{"self":[{"href":"https:\/\/www.fondazionemariabonino.it\/fr\/wp-json\/wp\/v2\/pages\/3969","targetHints":{"allow":["GET"]}}],"collection":[{"href":"https:\/\/www.fondazionemariabonino.it\/fr\/wp-json\/wp\/v2\/pages"}],"about":[{"href":"https:\/\/www.fondazionemariabonino.it\/fr\/wp-json\/wp\/v2\/types\/page"}],"author":[{"embeddable":true,"href":"https:\/\/www.fondazionemariabonino.it\/fr\/wp-json\/wp\/v2\/users\/1"}],"replies":[{"embeddable":true,"href":"https:\/\/www.fondazionemariabonino.it\/fr\/wp-json\/wp\/v2\/comments?post=3969"}],"version-history":[{"count":3,"href":"https:\/\/www.fondazionemariabonino.it\/fr\/wp-json\/wp\/v2\/pages\/3969\/revisions"}],"predecessor-version":[{"id":3995,"href":"https:\/\/www.fondazionemariabonino.it\/fr\/wp-json\/wp\/v2\/pages\/3969\/revisions\/3995"}],"wp:attachment":[{"href":"https:\/\/www.fondazionemariabonino.it\/fr\/wp-json\/wp\/v2\/media?parent=3969"}],"curies":[{"name":"wp","href":"https:\/\/api.w.org\/{rel}","templated":true}]}}